{"version":"1.0","provider_name":"Nordicpadel - DK","provider_url":"https:\/\/nordicpadel.com\/dk","author_name":"tobias","author_url":"https:\/\/nordicpadel.com\/dk\/blog\/author\/tobias\/","title":"Vanliga fr\u00e5gor om padel - Nordicpadel - DK","type":"rich","width":600,"height":338,"html":"<blockquote class=\"wp-embedded-content\" data-secret=\"bdd2XLkl90\"><a href=\"https:\/\/nordicpadel.com\/dk\/blog\/2022\/12\/20\/vanliga-fragor-om-padel\/\">Vanliga fr\u00e5gor om padel<\/a><\/blockquote><iframe sandbox=\"allow-scripts\" security=\"restricted\" src=\"https:\/\/nordicpadel.com\/dk\/blog\/2022\/12\/20\/vanliga-fragor-om-padel\/embed\/#?secret=bdd2XLkl90\" width=\"600\" height=\"338\" title=\"&#8220;Vanliga fr\u00e5gor om padel&#8221; &#8211; Nordicpadel - DK\" data-secret=\"bdd2XLkl90\" frameborder=\"0\" marginwidth=\"0\" marginheight=\"0\" scrolling=\"no\" class=\"wp-embedded-content\"><\/iframe><script>\n\/*! This file is auto-generated *\/\n!function(d,l){\"use strict\";l.querySelector&&d.addEventListener&&\"undefined\"!=typeof URL&&(d.wp=d.wp||{},d.wp.receiveEmbedMessage||(d.wp.receiveEmbedMessage=function(e){var t=e.data;if((t||t.secret||t.message||t.value)&&!\/[^a-zA-Z0-9]\/.test(t.secret)){for(var s,r,n,a=l.querySelectorAll('iframe[data-secret=\"'+t.secret+'\"]'),o=l.querySelectorAll('blockquote[data-secret=\"'+t.secret+'\"]'),c=new RegExp(\"^https?:$\",\"i\"),i=0;i<o.length;i++)o[i].style.display=\"none\";for(i=0;i<a.length;i++)s=a[i],e.source===s.contentWindow&&(s.removeAttribute(\"style\"),\"height\"===t.message?(1e3<(r=parseInt(t.value,10))?r=1e3:~~r<200&&(r=200),s.height=r):\"link\"===t.message&&(r=new URL(s.getAttribute(\"src\")),n=new URL(t.value),c.test(n.protocol))&&n.host===r.host&&l.activeElement===s&&(d.top.location.href=t.value))}},d.addEventListener(\"message\",d.wp.receiveEmbedMessage,!1),l.addEventListener(\"DOMContentLoaded\",function(){for(var e,t,s=l.querySelectorAll(\"iframe.wp-embedded-content\"),r=0;r<s.length;r++)(t=(e=s[r]).getAttribute(\"data-secret\"))||(t=Math.random().toString(36).substring(2,12),e.src+=\"#?secret=\"+t,e.setAttribute(\"data-secret\",t)),e.contentWindow.postMessage({message:\"ready\",secret:t},\"*\")},!1)))}(window,document);\n\/\/# sourceURL=https:\/\/nordicpadel.com\/dk\/wp-includes\/js\/wp-embed.min.js\n<\/script>\n","description":"HAR PADELN D\u00d6TT UT? Padeln har inte d\u00f6tt ut. D\u00e4remot har Sverige sett en kraftig \u00f6veretablering d\u00e4r antalet padelbanor \u00f6kat oproportionerligt mycket sett till efterfr\u00e5gan, vilket har lett till att m\u00e5nga hallar st\u00e5r tomma. I efterdyningarna av pandemin har \u00e4ven tillv\u00e4xttakten f\u00f6r sporten stannat av men med det sagt har padeln inte d\u00f6tt. KAN MAN [&hellip;]"}